{"id":103,"date":"2020-11-30T09:35:01","date_gmt":"2020-11-30T09:35:01","guid":{"rendered":"http:\/\/www.katharina-schwarz.wien\/?page_id=103"},"modified":"2023-09-25T10:20:58","modified_gmt":"2023-09-25T10:20:58","slug":"ueber-mich","status":"publish","type":"page","link":"https:\/\/www.katharina-schwarz.wien\/?page_id=103","title":{"rendered":"\u00dcber mich"},"content":{"rendered":"\t\t<div data-elementor-type=\"wp-page\" data-elementor-id=\"103\" class=\"elementor elementor-103\" data-elementor-settings=\"[]\">\n\t\t\t\t\t\t<div class=\"elementor-inner\">\n\t\t\t\t\t\t\t<div class=\"elementor-section-wrap\">\n\t\t\t\t\t\t\t<section class=\"elementor-section elementor-top-section elementor-element elementor-element-6ee34ba elementor-section-boxed elementor-section-height-default elementor-section-height-default\" data-id=\"6ee34ba\" data-element_type=\"section\">\n\t\t\t\t\t\t<div class=\"elementor-container elementor-column-gap-default\">\n\t\t\t\t\t\t\t<div class=\"elementor-row\">\n\t\t\t\t\t<div class=\"elementor-column elementor-col-100 elementor-top-column elementor-element elementor-element-bca563b\" data-id=\"bca563b\" data-element_type=\"column\">\n\t\t\t<div class=\"elementor-column-wrap elementor-element-populated\">\n\t\t\t\t\t\t\t<div class=\"elementor-widget-wrap\">\n\t\t\t\t\t\t<div class=\"elementor-element elementor-element-8748857 elementor-widget elementor-widget-heading\" data-id=\"8748857\" data-element_type=\"widget\" data-widget_type=\"heading.default\">\n\t\t\t\t<div class=\"elementor-widget-container\">\n\t\t\t<h2 class=\"elementor-heading-title elementor-size-default\">\u00dcber mich<\/h2>\t\t<\/div>\n\t\t\t\t<\/div>\n\t\t\t\t\t\t<\/div>\n\t\t\t\t\t<\/div>\n\t\t<\/div>\n\t\t\t\t\t\t\t\t<\/div>\n\t\t\t\t\t<\/div>\n\t\t<\/section>\n\t\t\t\t<section class=\"elementor-section elementor-top-section elementor-element elementor-element-9c66b94 elementor-section-boxed elementor-section-height-default elementor-section-height-default\" data-id=\"9c66b94\" data-element_type=\"section\">\n\t\t\t\t\t\t<div class=\"elementor-container elementor-column-gap-default\">\n\t\t\t\t\t\t\t<div class=\"elementor-row\">\n\t\t\t\t\t<div class=\"elementor-column elementor-col-100 elementor-top-column elementor-element elementor-element-683738e\" data-id=\"683738e\" data-element_type=\"column\">\n\t\t\t<div class=\"elementor-column-wrap elementor-element-populated\">\n\t\t\t\t\t\t\t<div class=\"elementor-widget-wrap\">\n\t\t\t\t\t\t<section class=\"elementor-section elementor-inner-section elementor-element elementor-element-3a8a093 elementor-section-boxed elementor-section-height-default elementor-section-height-default\" data-id=\"3a8a093\" data-element_type=\"section\">\n\t\t\t\t\t\t<div class=\"elementor-container elementor-column-gap-default\">\n\t\t\t\t\t\t\t<div class=\"elementor-row\">\n\t\t\t\t\t<div class=\"elementor-column elementor-col-50 elementor-inner-column elementor-element elementor-element-e653d18\" data-id=\"e653d18\" data-element_type=\"column\">\n\t\t\t<div class=\"elementor-column-wrap elementor-element-populated\">\n\t\t\t\t\t\t\t<div class=\"elementor-widget-wrap\">\n\t\t\t\t\t\t<div class=\"elementor-element elementor-element-54f7f14 elementor-widget elementor-widget-text-editor\" data-id=\"54f7f14\" data-element_type=\"widget\" data-widget_type=\"text-editor.default\">\n\t\t\t\t<div class=\"elementor-widget-container\">\n\t\t\t\t\t<div class=\"elementor-text-editor elementor-clearfix\"><p>Mein Antrieb ist das Interesse an den unendlichen Facetten der Menschen und das gro\u00dfe Vertrauen in deren Potential, sich zu ver\u00e4ndern.<\/p><p>Die Personzentrierte Psychotherapie ist mein zweiter Beruf. Auch in meinem ersten Beruf als Regisseurin am Theater ging es mir viel um Vertrauen und den Dialog, die Begegnung. Die Theaterarbeit hat meinen Blick auf die Welt mit gepr\u00e4gt &#8211; und meinen Weg zur Psychotherapie, in der ich mich jetzt beruflich ganz zuhause f\u00fchle.<\/p><p>Au\u00dferdem bin ich Tochter, Schwester, Mutter, Partnerin, Freundin, Kollegin und vieles mehr. Meine Beziehungen machen mich aus.<\/p><\/div>\n\t\t\t\t<\/div>\n\t\t\t\t<\/div>\n\t\t\t\t\t\t<\/div>\n\t\t\t\t\t<\/div>\n\t\t<\/div>\n\t\t\t\t<div class=\"elementor-column elementor-col-50 elementor-inner-column elementor-element elementor-element-1d97ac3\" data-id=\"1d97ac3\" data-element_type=\"column\">\n\t\t\t<div class=\"elementor-column-wrap elementor-element-populated\">\n\t\t\t\t\t\t\t<div class=\"elementor-widget-wrap\">\n\t\t\t\t\t\t<div class=\"elementor-element elementor-element-3c352ff elementor-widget elementor-widget-image\" data-id=\"3c352ff\" data-element_type=\"widget\" data-widget_type=\"image.default\">\n\t\t\t\t<div class=\"elementor-widget-container\">\n\t\t\t\t\t<div class=\"elementor-image\">\n\t\t\t\t\t\t\t\t\t\t<img loading=\"lazy\" decoding=\"async\" width=\"640\" height=\"427\" src=\"https:\/\/www.katharina-schwarz.wien\/wp-content\/uploads\/2020\/10\/KATHARINA_SCHWARZ_01-1024x683.jpg\" class=\"attachment-large size-large\" alt=\"\" srcset=\"https:\/\/www.katharina-schwarz.wien\/wp-content\/uploads\/2020\/10\/KATHARINA_SCHWARZ_01-1024x683.jpg 1024w, https:\/\/www.katharina-schwarz.wien\/wp-content\/uploads\/2020\/10\/KATHARINA_SCHWARZ_01-300x200.jpg 300w, https:\/\/www.katharina-schwarz.wien\/wp-content\/uploads\/2020\/10\/KATHARINA_SCHWARZ_01-768x512.jpg 768w, https:\/\/www.katharina-schwarz.wien\/wp-content\/uploads\/2020\/10\/KATHARINA_SCHWARZ_01-1536x1025.jpg 1536w, https:\/\/www.katharina-schwarz.wien\/wp-content\/uploads\/2020\/10\/KATHARINA_SCHWARZ_01-1568x1046.jpg 1568w, https:\/\/www.katharina-schwarz.wien\/wp-content\/uploads\/2020\/10\/KATHARINA_SCHWARZ_01.jpg 1772w\" sizes=\"auto, (max-width: 34.9rem) calc(100vw - 2rem), (max-width: 53rem) calc(8 * (100vw \/ 12)), (min-width: 53rem) calc(6 * (100vw \/ 12)), 100vw\" \/>\t\t\t\t\t\t\t\t\t\t\t<\/div>\n\t\t\t\t<\/div>\n\t\t\t\t<\/div>\n\t\t\t\t\t\t<\/div>\n\t\t\t\t\t<\/div>\n\t\t<\/div>\n\t\t\t\t\t\t\t\t<\/div>\n\t\t\t\t\t<\/div>\n\t\t<\/section>\n\t\t\t\t\t\t<\/div>\n\t\t\t\t\t<\/div>\n\t\t<\/div>\n\t\t\t\t\t\t\t\t<\/div>\n\t\t\t\t\t<\/div>\n\t\t<\/section>\n\t\t\t\t<section class=\"elementor-section elementor-top-section elementor-element elementor-element-821e0ae elementor-section-boxed elementor-section-height-default elementor-section-height-default\" data-id=\"821e0ae\" data-element_type=\"section\">\n\t\t\t\t\t\t<div class=\"elementor-container elementor-column-gap-default\">\n\t\t\t\t\t\t\t<div class=\"elementor-row\">\n\t\t\t\t\t<div class=\"elementor-column elementor-col-100 elementor-top-column elementor-element elementor-element-7955ffe\" data-id=\"7955ffe\" data-element_type=\"column\">\n\t\t\t<div class=\"elementor-column-wrap elementor-element-populated\">\n\t\t\t\t\t\t\t<div class=\"elementor-widget-wrap\">\n\t\t\t\t\t\t<div class=\"elementor-element elementor-element-01ac0e8 elementor-widget elementor-widget-image\" data-id=\"01ac0e8\" data-element_type=\"widget\" data-widget_type=\"image.default\">\n\t\t\t\t<div class=\"elementor-widget-container\">\n\t\t\t\t\t<div class=\"elementor-image\">\n\t\t\t\t\t\t\t\t\t\t<img loading=\"lazy\" decoding=\"async\" width=\"2330\" height=\"58\" src=\"https:\/\/www.katharina-schwarz.wien\/wp-content\/uploads\/2021\/01\/trennlinie2.png\" class=\"attachment-full size-full\" alt=\"\" srcset=\"https:\/\/www.katharina-schwarz.wien\/wp-content\/uploads\/2021\/01\/trennlinie2.png 2330w, https:\/\/www.katharina-schwarz.wien\/wp-content\/uploads\/2021\/01\/trennlinie2-300x7.png 300w, https:\/\/www.katharina-schwarz.wien\/wp-content\/uploads\/2021\/01\/trennlinie2-1024x25.png 1024w, https:\/\/www.katharina-schwarz.wien\/wp-content\/uploads\/2021\/01\/trennlinie2-768x19.png 768w, https:\/\/www.katharina-schwarz.wien\/wp-content\/uploads\/2021\/01\/trennlinie2-1536x38.png 1536w, https:\/\/www.katharina-schwarz.wien\/wp-content\/uploads\/2021\/01\/trennlinie2-2048x51.png 2048w, https:\/\/www.katharina-schwarz.wien\/wp-content\/uploads\/2021\/01\/trennlinie2-1568x39.png 1568w\" sizes=\"auto, (max-width: 34.9rem) calc(100vw - 2rem), (max-width: 53rem) calc(8 * (100vw \/ 12)), (min-width: 53rem) calc(6 * (100vw \/ 12)), 100vw\" \/>\t\t\t\t\t\t\t\t\t\t\t<\/div>\n\t\t\t\t<\/div>\n\t\t\t\t<\/div>\n\t\t\t\t<div class=\"elementor-element elementor-element-b9e91c8 elementor-widget elementor-widget-text-editor\" data-id=\"b9e91c8\" data-element_type=\"widget\" data-widget_type=\"text-editor.default\">\n\t\t\t\t<div class=\"elementor-widget-container\">\n\t\t\t\t\t<div class=\"elementor-text-editor elementor-clearfix\"><p style=\"margin-bottom: 0cm;\">\u201eMut hat man nur, wenn man auch Angst hat.\u201c<\/p><\/div>\n\t\t\t\t<\/div>\n\t\t\t\t<\/div>\n\t\t\t\t<div class=\"elementor-element elementor-element-4621703 elementor-widget elementor-widget-text-editor\" data-id=\"4621703\" data-element_type=\"widget\" data-widget_type=\"text-editor.default\">\n\t\t\t\t<div class=\"elementor-widget-container\">\n\t\t\t\t\t<div class=\"elementor-text-editor elementor-clearfix\"><p style=\"margin-bottom: 0cm;\"><span style=\"font-size: 1em;\">(aus dem Roman \u201eDrei Kameraden\u201c von Erich Maria Remarque)<\/span><\/p><\/div>\n\t\t\t\t<\/div>\n\t\t\t\t<\/div>\n\t\t\t\t<div class=\"elementor-element elementor-element-f57f83f elementor-widget elementor-widget-image\" data-id=\"f57f83f\" data-element_type=\"widget\" data-widget_type=\"image.default\">\n\t\t\t\t<div class=\"elementor-widget-container\">\n\t\t\t\t\t<div class=\"elementor-image\">\n\t\t\t\t\t\t\t\t\t\t<img loading=\"lazy\" decoding=\"async\" width=\"2330\" height=\"58\" src=\"https:\/\/www.katharina-schwarz.wien\/wp-content\/uploads\/2021\/01\/trennlinie2.png\" class=\"attachment-full size-full\" alt=\"\" srcset=\"https:\/\/www.katharina-schwarz.wien\/wp-content\/uploads\/2021\/01\/trennlinie2.png 2330w, https:\/\/www.katharina-schwarz.wien\/wp-content\/uploads\/2021\/01\/trennlinie2-300x7.png 300w, https:\/\/www.katharina-schwarz.wien\/wp-content\/uploads\/2021\/01\/trennlinie2-1024x25.png 1024w, https:\/\/www.katharina-schwarz.wien\/wp-content\/uploads\/2021\/01\/trennlinie2-768x19.png 768w, https:\/\/www.katharina-schwarz.wien\/wp-content\/uploads\/2021\/01\/trennlinie2-1536x38.png 1536w, https:\/\/www.katharina-schwarz.wien\/wp-content\/uploads\/2021\/01\/trennlinie2-2048x51.png 2048w, https:\/\/www.katharina-schwarz.wien\/wp-content\/uploads\/2021\/01\/trennlinie2-1568x39.png 1568w\" sizes=\"auto, (max-width: 34.9rem) calc(100vw - 2rem), (max-width: 53rem) calc(8 * (100vw \/ 12)), (min-width: 53rem) calc(6 * (100vw \/ 12)), 100vw\" \/>\t\t\t\t\t\t\t\t\t\t\t<\/div>\n\t\t\t\t<\/div>\n\t\t\t\t<\/div>\n\t\t\t\t\t\t<\/div>\n\t\t\t\t\t<\/div>\n\t\t<\/div>\n\t\t\t\t\t\t\t\t<\/div>\n\t\t\t\t\t<\/div>\n\t\t<\/section>\n\t\t\t\t<section class=\"elementor-section elementor-top-section elementor-element elementor-element-91038f8 elementor-section-boxed elementor-section-height-default elementor-section-height-default\" data-id=\"91038f8\" data-element_type=\"section\">\n\t\t\t\t\t\t<div class=\"elementor-container elementor-column-gap-default\">\n\t\t\t\t\t\t\t<div class=\"elementor-row\">\n\t\t\t\t\t<div class=\"elementor-column elementor-col-100 elementor-top-column elementor-element elementor-element-95acb17\" data-id=\"95acb17\" data-element_type=\"column\">\n\t\t\t<div class=\"elementor-column-wrap elementor-element-populated\">\n\t\t\t\t\t\t\t<div class=\"elementor-widget-wrap\">\n\t\t\t\t\t\t<div class=\"elementor-element elementor-element-781be0f elementor-widget elementor-widget-text-editor\" data-id=\"781be0f\" data-element_type=\"widget\" data-widget_type=\"text-editor.default\">\n\t\t\t\t<div class=\"elementor-widget-container\">\n\t\t\t\t\t<div class=\"elementor-text-editor elementor-clearfix\"><p>Immer wieder habe ich die Erfahrung gemacht, dass es sehr lohnend sein kann, sich ein St\u00fcckchen in \u201eunbekannte Gew\u00e4sser\u201c zu begeben, um sie f\u00fcr sich zu erobern und dann freier zu schwimmen als zuvor. Das erfordert Mut, den man nicht zu jeder Zeit aufbringen kann. Aber wenn der Moment daf\u00fcr da ist und man sich dazu entschlie\u00dft, dann ger\u00e4t etwas in Bewegung, das vielleicht zu lange stillgestanden hat.<\/p><p>Ich bin sicher, dass die meisten wichtigen und gro\u00dfen Schritte nicht im Alleingang gemacht werden. Wir brauchen den Dialog und die Begegnung, um als Person zu wachsen und unserem Bed\u00fcrfnis nach Autonomie steht eines nach Beziehung gegen\u00fcber. Die Personzentrierte Psychotherapie kann ein Weg zur Pers\u00f6nlichkeitsentwicklung in einer solchen sogenannten &#8220;hilfreichen Beziehung&#8221; sein. Sie kann helfen, sich selbst besser zu verstehen und zu akzeptieren &#8211; und somit zu ver\u00e4ndern.<\/p><p>\u00a0<\/p><\/div>\n\t\t\t\t<\/div>\n\t\t\t\t<\/div>\n\t\t\t\t\t\t<\/div>\n\t\t\t\t\t<\/div>\n\t\t<\/div>\n\t\t\t\t\t\t\t\t<\/div>\n\t\t\t\t\t<\/div>\n\t\t<\/section>\n\t\t\t\t<section class=\"elementor-section elementor-top-section elementor-element elementor-element-d759f0d elementor-section-boxed elementor-section-height-default elementor-section-height-default\" data-id=\"d759f0d\" data-element_type=\"section\" data-settings=\"{&quot;background_background&quot;:&quot;classic&quot;}\">\n\t\t\t\t\t\t<div class=\"elementor-container elementor-column-gap-default\">\n\t\t\t\t\t\t\t<div class=\"elementor-row\">\n\t\t\t\t\t<div class=\"elementor-column elementor-col-100 elementor-top-column elementor-element elementor-element-3396028\" data-id=\"3396028\" data-element_type=\"column\">\n\t\t\t<div class=\"elementor-column-wrap elementor-element-populated\">\n\t\t\t\t\t\t\t<div class=\"elementor-widget-wrap\">\n\t\t\t\t\t\t<div class=\"elementor-element elementor-element-0c3e63d elementor-widget elementor-widget-text-editor\" data-id=\"0c3e63d\" data-element_type=\"widget\" data-widget_type=\"text-editor.default\">\n\t\t\t\t<div class=\"elementor-widget-container\">\n\t\t\t\t\t<div class=\"elementor-text-editor elementor-clearfix\"><h3 style=\"margin-bottom: 0cm;\"><span style=\"font-size: 1em;\">Ausbildung<\/span><\/h3><ul><li>derzeit Weiterbildung Personzentrierte Gruppenarbeit am IPS &#8211; Institut f\u00fcr Personzentrierte Studien<\/li><li>Fortbildungen im Bereich Arbeit mit Trans*Personen<\/li><li>Fortbildungen und Vernetzung im Bereich Sexualisierter Substanzkonsum\/Chemsex (Infos und Hilfe: <a href=\"https:\/\/chemsex.at\">www.chemsex.at<\/a>)<\/li><\/ul><p>\u00a0<\/p><ul><li>Psychotherapeutisches Fachspezifikum am IPS &#8211; Institut f\u00fcr Personzentrierte Studien (Abschluss 2022)<\/li><li><p style=\"margin-bottom: 0cm;\">Universit\u00e4tslehrgang Psychotherapeutisches Prop\u00e4deutikum &#8211; Postgraduate Center Universit\u00e4t Wien (Abschluss 2015)<\/p><\/li><li><p style=\"margin-bottom: 0cm;\">Praktika:<\/p><p style=\"margin-bottom: 0cm;\">Donauspital Wien, Psychiatrische Abteilung, Station 58 (2017)<\/p><p style=\"margin-bottom: 0cm;\">Verein an.doc.stelle: Teampraxis Dr. Florian Breitenecker, in Hausarztpraxis integriertes Projekt zur Versorgung und Beratung von Menschen in biopsychosozialen Krisen <a href=\"http:\/\/www.andocstelle.at\">www.andocstelle.at<\/a> (2021, seither laufende Zusammenarbeit)<\/p><\/li><\/ul><div>\u00a0<\/div><div><h3 style=\"margin-bottom: 0cm;\"><span style=\"font-size: 1em;\">Berufserfahrung<br \/><\/span><\/h3><\/div><p>seit Anfang 2023 eingetragene Psychotherapeutin<\/p><p>2020-2022 Psychotherapeutin in Ausbildung unter Supervision<\/p><ul><li>In freier Praxis: breites Spektrum an Themen, wie Depressionen, \u00c4ngste, Arbeit und Beruf, Burn-out, Sexualit\u00e4t, Partnerschaft\/Beziehungen, Frauen*-spezifische Themen, LGBTIQ+, Krankheit\/Tod\/Trauer<\/li><li>Im Verein an.doc.stelle: Schwerpunkt Arbeit mit Trans*Personen bzw. LGBTIQ+spezifische Themen<\/li><li>An der Ambulanz f\u00fcr Beratung und Psychotherapie des APG-IPS (bis 2022)<\/li><\/ul><\/div>\n\t\t\t\t<\/div>\n\t\t\t\t<\/div>\n\t\t\t\t\t\t<\/div>\n\t\t\t\t\t<\/div>\n\t\t<\/div>\n\t\t\t\t\t\t\t\t<\/div>\n\t\t\t\t\t<\/div>\n\t\t<\/section>\n\t\t\t\t\t\t<\/div>\n\t\t\t\t\t\t<\/div>\n\t\t\t\t\t<\/div>\n\t\t","protected":false},"excerpt":{"rendered":"<p>\u00dcber mich Mein Antrieb ist das Interesse an den unendlichen Facetten der Menschen und das gro\u00dfe Vertrauen in deren Potential, sich zu ver\u00e4ndern. Die Personzentrierte Psychotherapie ist mein zweiter Beruf. Auch in meinem ersten Beruf als Regisseurin am Theater ging es mir viel um Vertrauen und den Dialog, die Begegnung. Die Theaterarbeit hat meinen Blick [&hellip;]<\/p>\n","protected":false},"author":1,"featured_media":0,"parent":0,"menu_order":0,"comment_status":"closed","ping_status":"closed","template":"","meta":{"footnotes":""},"class_list":["post-103","page","type-page","status-publish","hentry","entry"],"_links":{"self":[{"href":"https:\/\/www.katharina-schwarz.wien\/index.php?rest_route=\/wp\/v2\/pages\/103","targetHints":{"allow":["GET"]}}],"collection":[{"href":"https:\/\/www.katharina-schwarz.wien\/index.php?rest_route=\/wp\/v2\/pages"}],"about":[{"href":"https:\/\/www.katharina-schwarz.wien\/index.php?rest_route=\/wp\/v2\/types\/page"}],"author":[{"embeddable":true,"href":"https:\/\/www.katharina-schwarz.wien\/index.php?rest_route=\/wp\/v2\/users\/1"}],"replies":[{"embeddable":true,"href":"https:\/\/www.katharina-schwarz.wien\/index.php?rest_route=%2Fwp%2Fv2%2Fcomments&post=103"}],"version-history":[{"count":57,"href":"https:\/\/www.katharina-schwarz.wien\/index.php?rest_route=\/wp\/v2\/pages\/103\/revisions"}],"predecessor-version":[{"id":287,"href":"https:\/\/www.katharina-schwarz.wien\/index.php?rest_route=\/wp\/v2\/pages\/103\/revisions\/287"}],"wp:attachment":[{"href":"https:\/\/www.katharina-schwarz.wien\/index.php?rest_route=%2Fwp%2Fv2%2Fmedia&parent=103"}],"curies":[{"name":"wp","href":"https:\/\/api.w.org\/{rel}","templated":true}]}}